{"id":50017,"date":"2025-08-15T16:12:24","date_gmt":"2025-08-15T15:12:24","guid":{"rendered":"https:\/\/femepa.org\/web\/?page_id=50017"},"modified":"2025-08-15T18:01:09","modified_gmt":"2025-08-15T17:01:09","slug":"pfae-gj-programa-de-formacion-en-alternancia-con-el-empleo","status":"publish","type":"page","link":"https:\/\/femepa.org\/web\/pfae-gj-programa-de-formacion-en-alternancia-con-el-empleo\/","title":{"rendered":"(PFAE-GJ) Programa de formaci\u00f3n en Alternancia con el Empleo"},"content":{"rendered":"\t\t<div data-elementor-type=\"wp-page\" data-elementor-id=\"50017\" class=\"elementor elementor-50017\" data-elementor-post-type=\"page\">\n\t\t\t\t<div class=\"elementor-element elementor-element-79c2a40 e-con-full e-flex e-con e-parent\" data-id=\"79c2a40\" data-element_type=\"container\" data-e-type=\"container\" data-settings=\"{&quot;background_background&quot;:&quot;classic&quot;}\">\n\t\t<div class=\"elementor-element elementor-element-21d651e e-con-full e-flex e-con e-child\" data-id=\"21d651e\" data-element_type=\"container\" data-e-type=\"container\">\n\t\t\t\t<div class=\"elementor-element elementor-element-e5b8bd9 elementor-widget elementor-widget-heading\" data-id=\"e5b8bd9\" data-element_type=\"widget\" data-e-type=\"widget\" data-widget_type=\"heading.default\">\n\t\t\t\t<div class=\"elementor-widget-container\">\n\t\t\t\t\t<h1 class=\"elementor-heading-title elementor-size-default\">Programa de Formaci\u00f3n en Alternancia con el Empleo.<br>Garant\u00eda Juvenil  (PFAE-GJ)<\/h1>\t\t\t\t<\/div>\n\t\t\t\t<\/div>\n\t\t\t\t<\/div>\n\t\t\t\t<\/div>\n\t\t<div class=\"elementor-element elementor-element-2572aff e-flex e-con-boxed e-con e-parent\" data-id=\"2572aff\" data-element_type=\"container\" data-e-type=\"container\">\n\t\t\t\t\t<div class=\"e-con-inner\">\n\t\t\t\t<div class=\"elementor-element elementor-element-4fba316 elementor-widget elementor-widget-vankine-blog-v1\" data-id=\"4fba316\" data-element_type=\"widget\" data-e-type=\"widget\" data-widget_type=\"vankine-blog-v1.default\">\n\t\t\t\t<div class=\"elementor-widget-container\">\n\t\t\t\t\t     <section class=\"blog_post position-relative   ajax_posts_enabled \">\r\n        <div class=\"row ajaxcontainer\">\r\n                                                    \t\t\t\t\t\t                                                        <div class=\"col-xl-6 col-lg-6 col-md-6 col-sm-6  ajax-wrapper\">\r\n                            <div class=\"blog_box type_two type_three type_four trans hover_1_get   hover_1 active_box\">\r\n                                  \r\n                                    <img decoding=\"async\" class=\"img-fluid trans\" src=\"https:\/\/femepa.org\/web\/wp-content\/uploads\/2026\/03\/portada-ari.avif\" alt=\"Subvenciones de \u201ccuota cero\u201d dirigidas a las personas trabajadoras aut\u00f3nomas 2026\" \/>\r\n                                                                <div class=\"oh ho_1\"><\/div>\r\n                                <div class=\"oh ho_2\"><\/div>\r\n                                <div class=\"oh ho_3\"><\/div>\r\n                                <div class=\"oh ho_4\"><\/div>\r\n                                <div class=\"blog_inner trans\">\r\n                                        <div class=\"content\">\r\n                                            <div class=\"d-flex top_c align-items-center\">\r\n                                                <span class=\"date_tm\"><i class=\"fi-rr-calendar\"><\/i> <time class=\"date published\" datetime=\"2026-03-09T09:18:15+00:00\">9 de marzo de 2026<\/time><\/span>                                                \r\n                                            <\/div>\r\n                                            <h4 class=\"title_22\">\r\n                                                <a href=\"https:\/\/femepa.org\/web\/subvenciones-de-cuota-cero-dirigidas-a-las-personas-trabajadoras-autonomas-2026\/\">Subvenciones de \u201ccuota cero\u201d dirigidas a las personas trabajadoras aut\u00f3nomas 2026<\/a>                                            <\/h4>\r\n                                                                                                                                   <div class=\"bottm_contet d-flex align-items-center\">\r\n                                                <div class=\"d-flex authour align-items-center\">\r\n                                                    <img alt='' src='https:\/\/secure.gravatar.com\/avatar\/ed1c6aed8b442dda2639ef4720a7f1fb6fa8ac12949a625c39f0eeb7edf71ca6?s=100&#038;d=mm&#038;r=g' srcset='https:\/\/secure.gravatar.com\/avatar\/ed1c6aed8b442dda2639ef4720a7f1fb6fa8ac12949a625c39f0eeb7edf71ca6?s=200&#038;d=mm&#038;r=g 2x' class='avatar avatar-100 photo' height='100' width='100' \/> \r\n                                                    Juanjo S\u00e1nchez                                                <\/div>\r\n                                                <a href=\"https:\/\/femepa.org\/web\/subvenciones-de-cuota-cero-dirigidas-a-las-personas-trabajadoras-autonomas-2026\/\"  class=\"rd_more\">Leer mas<i class=\"fi-rr-arrow-small-right\"><\/i><\/a>\r\n                                       \r\n                                            <\/div>\r\n                                        <\/div>\r\n                                    <\/div>\r\n                                <\/div>\r\n                            <\/div>\r\n                                          \r\n                                                                                    \r\n\t\r\n                                        \t\t\t\t\t\t                                                        <div class=\"col-xl-6 col-lg-6 col-md-6 col-sm-6  ajax-wrapper\">\r\n                            <div class=\"blog_box type_two type_three type_four trans hover_1_get   hover_1 active_box\">\r\n                                  \r\n                                    <img decoding=\"async\" class=\"img-fluid trans\" src=\"https:\/\/femepa.org\/web\/wp-content\/uploads\/2026\/03\/portada-pfae.avif\" alt=\"FEMEPA clausura tres programas de formaci\u00f3n y empleo para j\u00f3venes en los sectores del metal\" \/>\r\n                                                                <div class=\"oh ho_1\"><\/div>\r\n                                <div class=\"oh ho_2\"><\/div>\r\n                                <div class=\"oh ho_3\"><\/div>\r\n                                <div class=\"oh ho_4\"><\/div>\r\n                                <div class=\"blog_inner trans\">\r\n                                        <div class=\"content\">\r\n                                            <div class=\"d-flex top_c align-items-center\">\r\n                                                <span class=\"date_tm\"><i class=\"fi-rr-calendar\"><\/i> <time class=\"date published\" datetime=\"2026-03-06T14:46:13+00:00\">6 de marzo de 2026<\/time><\/span>                                                \r\n                                            <\/div>\r\n                                            <h4 class=\"title_22\">\r\n                                                <a href=\"https:\/\/femepa.org\/web\/femepa-clausura-tres-programas-de-formacion-y-empleo-para-jovenes-en-los-sectores-del-metal\/\">FEMEPA clausura tres programas de formaci\u00f3n y empleo para j\u00f3venes en los sectores del metal<\/a>                                            <\/h4>\r\n                                                                                                                                   <div class=\"bottm_contet d-flex align-items-center\">\r\n                                                <div class=\"d-flex authour align-items-center\">\r\n                                                    <img alt='' src='https:\/\/secure.gravatar.com\/avatar\/b0ee921c13c544d69f2af4f6d326cd49d0ee918742495f62fa0f54669396783d?s=100&#038;d=mm&#038;r=g' srcset='https:\/\/secure.gravatar.com\/avatar\/b0ee921c13c544d69f2af4f6d326cd49d0ee918742495f62fa0f54669396783d?s=200&#038;d=mm&#038;r=g 2x' class='avatar avatar-100 photo' height='100' width='100' \/> \r\n                                                    Victor Rubio                                                <\/div>\r\n                                                <a href=\"https:\/\/femepa.org\/web\/femepa-clausura-tres-programas-de-formacion-y-empleo-para-jovenes-en-los-sectores-del-metal\/\"  class=\"rd_more\">Leer mas<i class=\"fi-rr-arrow-small-right\"><\/i><\/a>\r\n                                       \r\n                                            <\/div>\r\n                                        <\/div>\r\n                                    <\/div>\r\n                                <\/div>\r\n                            <\/div>\r\n                                          \r\n                                                                                    \r\n\t\r\n                                        \t\t\t\t\t\t                                                        <div class=\"col-xl-6 col-lg-6 col-md-6 col-sm-6  ajax-wrapper\">\r\n                            <div class=\"blog_box type_two type_three type_four trans hover_1_get   hover_1 active_box\">\r\n                                  \r\n                                    <img decoding=\"async\" class=\"img-fluid trans\" src=\"https:\/\/femepa.org\/web\/wp-content\/uploads\/2026\/03\/Visita-armando1.avif\" alt=\"El PFAE GJ ELECTROGC recibe la visita de Armando Hern\u00e1ndez Pulido para acercar al alumnado a la realidad del sector el\u00e9ctrico\" \/>\r\n                                                                <div class=\"oh ho_1\"><\/div>\r\n                                <div class=\"oh ho_2\"><\/div>\r\n                                <div class=\"oh ho_3\"><\/div>\r\n                                <div class=\"oh ho_4\"><\/div>\r\n                                <div class=\"blog_inner trans\">\r\n                                        <div class=\"content\">\r\n                                            <div class=\"d-flex top_c align-items-center\">\r\n                                                <span class=\"date_tm\"><i class=\"fi-rr-calendar\"><\/i> <time class=\"date published\" datetime=\"2026-03-04T13:23:25+00:00\">4 de marzo de 2026<\/time><\/span>                                                \r\n                                            <\/div>\r\n                                            <h4 class=\"title_22\">\r\n                                                <a href=\"https:\/\/femepa.org\/web\/el-pfae-gj-electrogc-recibe-la-visita-de-armando-hernandez-pulido-para-acercar-al-alumnado-a-la-realidad-del-sector-electrico\/\">El PFAE GJ ELECTROGC recibe la visita de Armando Hern\u00e1ndez Pulido para acercar al alumnado a la realidad del sector el\u00e9ctrico<\/a>                                            <\/h4>\r\n                                                                                                                                   <div class=\"bottm_contet d-flex align-items-center\">\r\n                                                <div class=\"d-flex authour align-items-center\">\r\n                                                    <img alt='' src='https:\/\/secure.gravatar.com\/avatar\/b0ee921c13c544d69f2af4f6d326cd49d0ee918742495f62fa0f54669396783d?s=100&#038;d=mm&#038;r=g' srcset='https:\/\/secure.gravatar.com\/avatar\/b0ee921c13c544d69f2af4f6d326cd49d0ee918742495f62fa0f54669396783d?s=200&#038;d=mm&#038;r=g 2x' class='avatar avatar-100 photo' height='100' width='100' \/> \r\n                                                    Victor Rubio                                                <\/div>\r\n                                                <a href=\"https:\/\/femepa.org\/web\/el-pfae-gj-electrogc-recibe-la-visita-de-armando-hernandez-pulido-para-acercar-al-alumnado-a-la-realidad-del-sector-electrico\/\"  class=\"rd_more\">Leer mas<i class=\"fi-rr-arrow-small-right\"><\/i><\/a>\r\n                                       \r\n                                            <\/div>\r\n                                        <\/div>\r\n                                    <\/div>\r\n                                <\/div>\r\n                            <\/div>\r\n                                          \r\n                                                                                    \r\n\t\r\n                                        \t\t\t\t\t\t                                                        <div class=\"col-xl-6 col-lg-6 col-md-6 col-sm-6  ajax-wrapper\">\r\n                            <div class=\"blog_box type_two type_three type_four trans hover_1_get   hover_1 active_box\">\r\n                                  \r\n                                    <img decoding=\"async\" class=\"img-fluid trans\" src=\"https:\/\/femepa.org\/web\/wp-content\/uploads\/2025\/07\/portada-triton-y-FM.avif\" alt=\"Los PFAE-GJ de Trit\u00f3n y Fuego y Metal avanzan en sus intervenciones en El Mac\u00e1n\" \/>\r\n                                                                <div class=\"oh ho_1\"><\/div>\r\n                                <div class=\"oh ho_2\"><\/div>\r\n                                <div class=\"oh ho_3\"><\/div>\r\n                                <div class=\"oh ho_4\"><\/div>\r\n                                <div class=\"blog_inner trans\">\r\n                                        <div class=\"content\">\r\n                                            <div class=\"d-flex top_c align-items-center\">\r\n                                                <span class=\"date_tm\"><i class=\"fi-rr-calendar\"><\/i> <time class=\"date published\" datetime=\"2025-07-21T15:01:00+01:00\">21 de julio de 2025<\/time><\/span>                                                \r\n                                            <\/div>\r\n                                            <h4 class=\"title_22\">\r\n                                                <a href=\"https:\/\/femepa.org\/web\/los-pfae-gj-de-triton-y-fuego-y-metal-avanzan-en-sus-intervenciones-en-el-macan\/\">Los PFAE-GJ de Trit\u00f3n y Fuego y Metal avanzan en sus intervenciones en El Mac\u00e1n<\/a>                                            <\/h4>\r\n                                                                                                                                   <div class=\"bottm_contet d-flex align-items-center\">\r\n                                                <div class=\"d-flex authour align-items-center\">\r\n                                                    <img alt='' src='https:\/\/secure.gravatar.com\/avatar\/ed1c6aed8b442dda2639ef4720a7f1fb6fa8ac12949a625c39f0eeb7edf71ca6?s=100&#038;d=mm&#038;r=g' srcset='https:\/\/secure.gravatar.com\/avatar\/ed1c6aed8b442dda2639ef4720a7f1fb6fa8ac12949a625c39f0eeb7edf71ca6?s=200&#038;d=mm&#038;r=g 2x' class='avatar avatar-100 photo' height='100' width='100' \/> \r\n                                                    Juanjo S\u00e1nchez                                                <\/div>\r\n                                                <a href=\"https:\/\/femepa.org\/web\/los-pfae-gj-de-triton-y-fuego-y-metal-avanzan-en-sus-intervenciones-en-el-macan\/\"  class=\"rd_more\">Leer mas<i class=\"fi-rr-arrow-small-right\"><\/i><\/a>\r\n                                       \r\n                                            <\/div>\r\n                                        <\/div>\r\n                                    <\/div>\r\n                                <\/div>\r\n                            <\/div>\r\n                                          \r\n                                                                                    \r\n\t\r\n                                        \t\t\t\t\t\t                                                        <div class=\"col-xl-6 col-lg-6 col-md-6 col-sm-6  ajax-wrapper\">\r\n                            <div class=\"blog_box type_two type_three type_four trans hover_1_get   hover_1 active_box\">\r\n                                  \r\n                                    <img decoding=\"async\" class=\"img-fluid trans\" src=\"https:\/\/femepa.org\/web\/wp-content\/uploads\/2025\/07\/portada-pfae-electo.avif\" alt=\"PFAE-GJ ElectroGC da sus primeros pasos en la obra social de El Mac\u00e1n\" \/>\r\n                                                                <div class=\"oh ho_1\"><\/div>\r\n                                <div class=\"oh ho_2\"><\/div>\r\n                                <div class=\"oh ho_3\"><\/div>\r\n                                <div class=\"oh ho_4\"><\/div>\r\n                                <div class=\"blog_inner trans\">\r\n                                        <div class=\"content\">\r\n                                            <div class=\"d-flex top_c align-items-center\">\r\n                                                <span class=\"date_tm\"><i class=\"fi-rr-calendar\"><\/i> <time class=\"date published\" datetime=\"2025-07-18T14:09:13+01:00\">18 de julio de 2025<\/time><\/span>                                                \r\n                                            <\/div>\r\n                                            <h4 class=\"title_22\">\r\n                                                <a href=\"https:\/\/femepa.org\/web\/los-programas-de-formacion-en-alternancia-con-el-empleo-continuan-avanzando-con-compromiso-y-profesionalidad\/\">PFAE-GJ ElectroGC da sus primeros pasos en la obra social de El Mac\u00e1n<\/a>                                            <\/h4>\r\n                                                                                                                                   <div class=\"bottm_contet d-flex align-items-center\">\r\n                                                <div class=\"d-flex authour align-items-center\">\r\n                                                    <img alt='' src='https:\/\/secure.gravatar.com\/avatar\/ed1c6aed8b442dda2639ef4720a7f1fb6fa8ac12949a625c39f0eeb7edf71ca6?s=100&#038;d=mm&#038;r=g' srcset='https:\/\/secure.gravatar.com\/avatar\/ed1c6aed8b442dda2639ef4720a7f1fb6fa8ac12949a625c39f0eeb7edf71ca6?s=200&#038;d=mm&#038;r=g 2x' class='avatar avatar-100 photo' height='100' width='100' \/> \r\n                                                    Juanjo S\u00e1nchez                                                <\/div>\r\n                                                <a href=\"https:\/\/femepa.org\/web\/los-programas-de-formacion-en-alternancia-con-el-empleo-continuan-avanzando-con-compromiso-y-profesionalidad\/\"  class=\"rd_more\">Leer mas<i class=\"fi-rr-arrow-small-right\"><\/i><\/a>\r\n                                       \r\n                                            <\/div>\r\n                                        <\/div>\r\n                                    <\/div>\r\n                                <\/div>\r\n                            <\/div>\r\n                                          \r\n                                                                                    \r\n\t\r\n                                        \t\t\t\t\t\t                                                        <div class=\"col-xl-6 col-lg-6 col-md-6 col-sm-6  ajax-wrapper\">\r\n                            <div class=\"blog_box type_two type_three type_four trans hover_1_get   hover_1 active_box\">\r\n                                  \r\n                                    <img decoding=\"async\" class=\"img-fluid trans\" src=\"https:\/\/femepa.org\/web\/wp-content\/uploads\/2025\/06\/portada-pfae-triton.avif\" alt=\"El PFAE-GJ Trit\u00f3n visita la Feria Internacional del Mar (FIMAR)\" \/>\r\n                                                                <div class=\"oh ho_1\"><\/div>\r\n                                <div class=\"oh ho_2\"><\/div>\r\n                                <div class=\"oh ho_3\"><\/div>\r\n                                <div class=\"oh ho_4\"><\/div>\r\n                                <div class=\"blog_inner trans\">\r\n                                        <div class=\"content\">\r\n                                            <div class=\"d-flex top_c align-items-center\">\r\n                                                <span class=\"date_tm\"><i class=\"fi-rr-calendar\"><\/i> <time class=\"date published\" datetime=\"2025-06-17T13:33:10+01:00\">17 de junio de 2025<\/time><\/span>                                                \r\n                                            <\/div>\r\n                                            <h4 class=\"title_22\">\r\n                                                <a href=\"https:\/\/femepa.org\/web\/el-pfae-gj-triton-visita-la-feria-internacional-del-mar-fimar\/\">El PFAE-GJ Trit\u00f3n visita la Feria Internacional del Mar (FIMAR)<\/a>                                            <\/h4>\r\n                                                                                                                                   <div class=\"bottm_contet d-flex align-items-center\">\r\n                                                <div class=\"d-flex authour align-items-center\">\r\n                                                    <img alt='' src='https:\/\/secure.gravatar.com\/avatar\/ed1c6aed8b442dda2639ef4720a7f1fb6fa8ac12949a625c39f0eeb7edf71ca6?s=100&#038;d=mm&#038;r=g' srcset='https:\/\/secure.gravatar.com\/avatar\/ed1c6aed8b442dda2639ef4720a7f1fb6fa8ac12949a625c39f0eeb7edf71ca6?s=200&#038;d=mm&#038;r=g 2x' class='avatar avatar-100 photo' height='100' width='100' \/> \r\n                                                    Juanjo S\u00e1nchez                                                <\/div>\r\n                                                <a href=\"https:\/\/femepa.org\/web\/el-pfae-gj-triton-visita-la-feria-internacional-del-mar-fimar\/\"  class=\"rd_more\">Leer mas<i class=\"fi-rr-arrow-small-right\"><\/i><\/a>\r\n                                       \r\n                                            <\/div>\r\n                                        <\/div>\r\n                                    <\/div>\r\n                                <\/div>\r\n                            <\/div>\r\n                                          \r\n                                                                                    \r\n\t\r\n                                        \t\t\t\t\t\t                                                        <div class=\"col-xl-6 col-lg-6 col-md-6 col-sm-6  ajax-wrapper\">\r\n                            <div class=\"blog_box type_two type_three type_four trans hover_1_get   hover_1 active_box\">\r\n                                  \r\n                                    <img decoding=\"async\" class=\"img-fluid trans\" src=\"https:\/\/femepa.org\/web\/wp-content\/uploads\/2025\/06\/portada-triton.avif\" alt=\"El PFAE-GJ Trit\u00f3n sigue navegando con fuerza\" \/>\r\n                                                                <div class=\"oh ho_1\"><\/div>\r\n                                <div class=\"oh ho_2\"><\/div>\r\n                                <div class=\"oh ho_3\"><\/div>\r\n                                <div class=\"oh ho_4\"><\/div>\r\n                                <div class=\"blog_inner trans\">\r\n                                        <div class=\"content\">\r\n                                            <div class=\"d-flex top_c align-items-center\">\r\n                                                <span class=\"date_tm\"><i class=\"fi-rr-calendar\"><\/i> <time class=\"date published\" datetime=\"2025-06-12T13:59:01+01:00\">12 de junio de 2025<\/time><\/span>                                                \r\n                                            <\/div>\r\n                                            <h4 class=\"title_22\">\r\n                                                <a href=\"https:\/\/femepa.org\/web\/convocatoria-de-ayudas-a-la-contratacion-de-jovenes-desempleados-programa-incentivate-2025-2026-2\/\">El PFAE-GJ Trit\u00f3n sigue navegando con fuerza<\/a>                                            <\/h4>\r\n                                                                                                                                   <div class=\"bottm_contet d-flex align-items-center\">\r\n                                                <div class=\"d-flex authour align-items-center\">\r\n                                                    <img alt='' src='https:\/\/secure.gravatar.com\/avatar\/ed1c6aed8b442dda2639ef4720a7f1fb6fa8ac12949a625c39f0eeb7edf71ca6?s=100&#038;d=mm&#038;r=g' srcset='https:\/\/secure.gravatar.com\/avatar\/ed1c6aed8b442dda2639ef4720a7f1fb6fa8ac12949a625c39f0eeb7edf71ca6?s=200&#038;d=mm&#038;r=g 2x' class='avatar avatar-100 photo' height='100' width='100' \/> \r\n                                                    Juanjo S\u00e1nchez                                                <\/div>\r\n                                                <a href=\"https:\/\/femepa.org\/web\/convocatoria-de-ayudas-a-la-contratacion-de-jovenes-desempleados-programa-incentivate-2025-2026-2\/\"  class=\"rd_more\">Leer mas<i class=\"fi-rr-arrow-small-right\"><\/i><\/a>\r\n                                       \r\n                                            <\/div>\r\n                                        <\/div>\r\n                                    <\/div>\r\n                                <\/div>\r\n                            <\/div>\r\n                                          \r\n                                                                                    \r\n\t\r\n                                        \t\t\t\t\t\t                                                        <div class=\"col-xl-6 col-lg-6 col-md-6 col-sm-6  ajax-wrapper\">\r\n                            <div class=\"blog_box type_two type_three type_four trans hover_1_get   hover_1 active_box\">\r\n                                  \r\n                                    <img decoding=\"async\" class=\"img-fluid trans\" src=\"https:\/\/femepa.org\/web\/wp-content\/uploads\/2025\/04\/pfae-triton.png\" alt=\"Arranca el Proyecto PFAE-GJ Trit\u00f3n: Formaci\u00f3n especializada para j\u00f3venes en el sector n\u00e1utico\" \/>\r\n                                                                <div class=\"oh ho_1\"><\/div>\r\n                                <div class=\"oh ho_2\"><\/div>\r\n                                <div class=\"oh ho_3\"><\/div>\r\n                                <div class=\"oh ho_4\"><\/div>\r\n                                <div class=\"blog_inner trans\">\r\n                                        <div class=\"content\">\r\n                                            <div class=\"d-flex top_c align-items-center\">\r\n                                                <span class=\"date_tm\"><i class=\"fi-rr-calendar\"><\/i> <time class=\"date published\" datetime=\"2025-04-30T14:30:53+01:00\">30 de abril de 2025<\/time><\/span>                                                \r\n                                            <\/div>\r\n                                            <h4 class=\"title_22\">\r\n                                                <a href=\"https:\/\/femepa.org\/web\/arranca-el-proyecto-pfae-gj-triton-formacion-especializada-para-jovenes-en-el-sector-nautico\/\">Arranca el Proyecto PFAE-GJ Trit\u00f3n: Formaci\u00f3n especializada para j\u00f3venes en el sector n\u00e1utico<\/a>                                            <\/h4>\r\n                                                                                                                                   <div class=\"bottm_contet d-flex align-items-center\">\r\n                                                <div class=\"d-flex authour align-items-center\">\r\n                                                    <img alt='' src='https:\/\/secure.gravatar.com\/avatar\/b0ee921c13c544d69f2af4f6d326cd49d0ee918742495f62fa0f54669396783d?s=100&#038;d=mm&#038;r=g' srcset='https:\/\/secure.gravatar.com\/avatar\/b0ee921c13c544d69f2af4f6d326cd49d0ee918742495f62fa0f54669396783d?s=200&#038;d=mm&#038;r=g 2x' class='avatar avatar-100 photo' height='100' width='100' \/> \r\n                                                    Victor Rubio                                                <\/div>\r\n                                                <a href=\"https:\/\/femepa.org\/web\/arranca-el-proyecto-pfae-gj-triton-formacion-especializada-para-jovenes-en-el-sector-nautico\/\"  class=\"rd_more\">Leer mas<i class=\"fi-rr-arrow-small-right\"><\/i><\/a>\r\n                                       \r\n                                            <\/div>\r\n                                        <\/div>\r\n                                    <\/div>\r\n                                <\/div>\r\n                            <\/div>\r\n                                          \r\n                                                                                    \r\n\t\r\n                                        \t\t\t\t\t\t                                                        <div class=\"col-xl-6 col-lg-6 col-md-6 col-sm-6  ajax-wrapper\">\r\n                            <div class=\"blog_box type_two type_three type_four trans hover_1_get   hover_1 active_box\">\r\n                                  \r\n                                    <img decoding=\"async\" class=\"img-fluid trans\" src=\"https:\/\/femepa.org\/web\/wp-content\/uploads\/2025\/04\/pfae-fuego-y-metal.png\" alt=\"Comienza el PFAE-GJ &#8220;Fuego y Metal&#8221;: Impacto social y formativo.\" \/>\r\n                                                                <div class=\"oh ho_1\"><\/div>\r\n                                <div class=\"oh ho_2\"><\/div>\r\n                                <div class=\"oh ho_3\"><\/div>\r\n                                <div class=\"oh ho_4\"><\/div>\r\n                                <div class=\"blog_inner trans\">\r\n                                        <div class=\"content\">\r\n                                            <div class=\"d-flex top_c align-items-center\">\r\n                                                <span class=\"date_tm\"><i class=\"fi-rr-calendar\"><\/i> <time class=\"date published\" datetime=\"2025-04-30T13:42:44+01:00\">30 de abril de 2025<\/time><\/span>                                                \r\n                                            <\/div>\r\n                                            <h4 class=\"title_22\">\r\n                                                <a href=\"https:\/\/femepa.org\/web\/comienza-el-pfae-gj-fuego-y-metal-impacto-social-y-formativo\/\">Comienza el PFAE-GJ &#8220;Fuego y Metal&#8221;: Impacto social y formativo.<\/a>                                            <\/h4>\r\n                                                                                                                                   <div class=\"bottm_contet d-flex align-items-center\">\r\n                                                <div class=\"d-flex authour align-items-center\">\r\n                                                    <img alt='' src='https:\/\/secure.gravatar.com\/avatar\/b0ee921c13c544d69f2af4f6d326cd49d0ee918742495f62fa0f54669396783d?s=100&#038;d=mm&#038;r=g' srcset='https:\/\/secure.gravatar.com\/avatar\/b0ee921c13c544d69f2af4f6d326cd49d0ee918742495f62fa0f54669396783d?s=200&#038;d=mm&#038;r=g 2x' class='avatar avatar-100 photo' height='100' width='100' \/> \r\n                                                    Victor Rubio                                                <\/div>\r\n                                                <a href=\"https:\/\/femepa.org\/web\/comienza-el-pfae-gj-fuego-y-metal-impacto-social-y-formativo\/\"  class=\"rd_more\">Leer mas<i class=\"fi-rr-arrow-small-right\"><\/i><\/a>\r\n                                       \r\n                                            <\/div>\r\n                                        <\/div>\r\n                                    <\/div>\r\n                                <\/div>\r\n                            <\/div>\r\n                                          \r\n                                                                                    \r\n\t\r\n                                        \t\t\t\t\t\t                                                        <div class=\"col-xl-6 col-lg-6 col-md-6 col-sm-6  ajax-wrapper\">\r\n                            <div class=\"blog_box type_two type_three type_four trans hover_1_get   hover_1 active_box\">\r\n                                  \r\n                                    <img decoding=\"async\" class=\"img-fluid trans\" src=\"https:\/\/femepa.org\/web\/wp-content\/uploads\/2025\/03\/imagen-electro-GC.png\" alt=\"Femepa abre la puerta al empleo juvenil con su primer PFAE de Garant\u00eda Juvenil 2025\" \/>\r\n                                                                <div class=\"oh ho_1\"><\/div>\r\n                                <div class=\"oh ho_2\"><\/div>\r\n                                <div class=\"oh ho_3\"><\/div>\r\n                                <div class=\"oh ho_4\"><\/div>\r\n                                <div class=\"blog_inner trans\">\r\n                                        <div class=\"content\">\r\n                                            <div class=\"d-flex top_c align-items-center\">\r\n                                                <span class=\"date_tm\"><i class=\"fi-rr-calendar\"><\/i> <time class=\"date published\" datetime=\"2025-03-31T12:57:34+01:00\">31 de marzo de 2025<\/time><\/span>                                                \r\n                                            <\/div>\r\n                                            <h4 class=\"title_22\">\r\n                                                <a href=\"https:\/\/femepa.org\/web\/femepa-abre-la-puerta-al-empleo-juvenil-con-su-primer-pfae-de-garantia-juvenil-2025\/\">Femepa abre la puerta al empleo juvenil con su primer PFAE de Garant\u00eda Juvenil 2025<\/a>                                            <\/h4>\r\n                                                                                                                                   <div class=\"bottm_contet d-flex align-items-center\">\r\n                                                <div class=\"d-flex authour align-items-center\">\r\n                                                    <img alt='' src='https:\/\/secure.gravatar.com\/avatar\/b0ee921c13c544d69f2af4f6d326cd49d0ee918742495f62fa0f54669396783d?s=100&#038;d=mm&#038;r=g' srcset='https:\/\/secure.gravatar.com\/avatar\/b0ee921c13c544d69f2af4f6d326cd49d0ee918742495f62fa0f54669396783d?s=200&#038;d=mm&#038;r=g 2x' class='avatar avatar-100 photo' height='100' width='100' \/> \r\n                                                    Victor Rubio                                                <\/div>\r\n                                                <a href=\"https:\/\/femepa.org\/web\/femepa-abre-la-puerta-al-empleo-juvenil-con-su-primer-pfae-de-garantia-juvenil-2025\/\"  class=\"rd_more\">Leer mas<i class=\"fi-rr-arrow-small-right\"><\/i><\/a>\r\n                                       \r\n                                            <\/div>\r\n                                        <\/div>\r\n                                    <\/div>\r\n                                <\/div>\r\n                            <\/div>\r\n                                          \r\n                                                                                    \r\n\t\r\n                                                        <\/div>\r\n    <!--End tab-content-->\r\n            <div class=\"row\">\r\n            <div class=\"col-lg-12\">\r\n                <div class=\"pagination_blog pagination-area pagination\">\r\n                \r\n                    <span aria-current=\"page\" class=\"page-numbers current\">1<\/span>\n<a class=\"page-numbers\" href=\"https:\/\/femepa.org\/web\/wp-json\/wp\/v2\/pages\/50017\/page\/2\/\">2<\/a>\n<a class=\"page-numbers\" href=\"https:\/\/femepa.org\/web\/wp-json\/wp\/v2\/pages\/50017\/page\/3\/\">3<\/a>\n<a class=\"next page-numbers\" href=\"https:\/\/femepa.org\/web\/wp-json\/wp\/v2\/pages\/50017\/page\/2\/\"><span class=\"theme_btn\">Cargar mas<\/span><\/a>          \r\n                <\/div>\r\n            <\/div>     \r\n        <\/div> \r\n      \r\n<\/section>\r\n \r\n        \t\t\t\t<\/div>\n\t\t\t\t<\/div>\n\t\t\t\t\t<\/div>\n\t\t\t\t<\/div>\n\t\t\t\t<\/div>\n\t\t","protected":false},"excerpt":{"rendered":"<p>Programa de Formaci\u00f3n en Alternancia con el Empleo.Garant\u00eda Juvenil (PFAE-GJ) 21 de julio de 2025 Los PFAE-GJ de Trit\u00f3n y Fuego y Metal avanzan en sus intervenciones en El Mac\u00e1n Juanjo S\u00e1nchez Leer mas 18 de julio de 2025 PFAE-GJ ElectroGC da sus primeros pasos en la obra social de El Mac\u00e1n Juanjo S\u00e1nchez Leer [&hellip;]<\/p>\n","protected":false},"author":7,"featured_media":0,"parent":0,"menu_order":0,"comment_status":"closed","ping_status":"closed","template":"template-fullwidth.php","meta":{"_acf_changed":false,"rs_blank_template":"","rs_page_bg_color":"","slide_template_v7":"","footnotes":""},"class_list":["post-50017","page","type-page","status-publish","hentry"],"acf":[],"_links":{"self":[{"href":"https:\/\/femepa.org\/web\/wp-json\/wp\/v2\/pages\/50017","targetHints":{"allow":["GET"]}}],"collection":[{"href":"https:\/\/femepa.org\/web\/wp-json\/wp\/v2\/pages"}],"about":[{"href":"https:\/\/femepa.org\/web\/wp-json\/wp\/v2\/types\/page"}],"author":[{"embeddable":true,"href":"https:\/\/femepa.org\/web\/wp-json\/wp\/v2\/users\/7"}],"replies":[{"embeddable":true,"href":"https:\/\/femepa.org\/web\/wp-json\/wp\/v2\/comments?post=50017"}],"version-history":[{"count":43,"href":"https:\/\/femepa.org\/web\/wp-json\/wp\/v2\/pages\/50017\/revisions"}],"predecessor-version":[{"id":50080,"href":"https:\/\/femepa.org\/web\/wp-json\/wp\/v2\/pages\/50017\/revisions\/50080"}],"wp:attachment":[{"href":"https:\/\/femepa.org\/web\/wp-json\/wp\/v2\/media?parent=50017"}],"curies":[{"name":"wp","href":"https:\/\/api.w.org\/{rel}","templated":true}]}}